{"id":1459,"date":"2018-01-30T16:51:19","date_gmt":"2018-01-30T16:51:19","guid":{"rendered":"http:\/\/www.consigel.com\/product\/petrea-negro\/"},"modified":"2018-01-30T16:51:19","modified_gmt":"2018-01-30T16:51:19","slug":"petrea-negro","status":"publish","type":"product","link":"https:\/\/www.consigel.com\/ca\/producte\/petrea-negro\/","title":{"rendered":"Petrea Tinto"},"content":{"rendered":"<p style=\"margin: 1rem 0px; color: #4f4f4f; text-transform: none; line-height: 1.5rem; text-indent: 0px; letter-spacing: normal; font-family: 'Merriweather Sans', sans-serif; font-size: 1.1rem; font-style: normal; font-weight: 300; word-spacing: 0px; white-space: normal; box-sizing: inherit; orphans: 2; widows: 2; background-color: #ffffff; font-variant-ligatures: normal; font-variant-caps: normal; -webkit-text-stroke-width: 0px; text-decoration-style: initial; text-decoration-color: initial;\"><span style=\"color: #000000;\"><strong style=\"font-weight: bold; box-sizing: inherit;\"><span style=\"vertical-align: inherit; box-sizing: inherit;\"><span style=\"vertical-align: inherit; box-sizing: inherit;\">Vinificaci\u00f3n:<\/span><\/span><\/strong><span style=\"vertical-align: inherit; box-sizing: inherit;\"><span style=\"vertical-align: inherit; box-sizing: inherit;\">\u00a0Siguiendo una vinificaci\u00f3n tradicional, se fermenta el mosto a una temperatura alrededor de los 28oC.\u00a0<\/span><span style=\"vertical-align: inherit; box-sizing: inherit;\">La maceraci\u00f3n con la pasta durante unos 20 d\u00edas nos permite extraer una buena dosis de estructura t\u00e1nica as\u00ed como de antocianos.\u00a0<\/span><span style=\"vertical-align: inherit; box-sizing: inherit;\">Fermentaci\u00f3n malol\u00e1ctica en dep\u00f3sitos de acero inoxidable post fermentaci\u00f3n alcoh\u00f3lica.<\/span><\/span><\/span><\/p>\n<p style=\"margin: 1rem 0px; color: #4f4f4f; text-transform: none; line-height: 1.5rem; text-indent: 0px; letter-spacing: normal; font-family: 'Merriweather Sans', sans-serif; font-size: 1.1rem; font-style: normal; font-weight: 300; word-spacing: 0px; white-space: normal; box-sizing: inherit; orphans: 2; widows: 2; background-color: #ffffff; font-variant-ligatures: normal; font-variant-caps: normal; -webkit-text-stroke-width: 0px; text-decoration-style: initial; text-decoration-color: initial;\"><span style=\"color: #000000;\"><strong style=\"font-weight: bold; box-sizing: inherit;\"><span style=\"vertical-align: inherit; box-sizing: inherit;\"><span style=\"vertical-align: inherit; box-sizing: inherit;\">Crianza:<\/span><\/span><\/strong><span style=\"vertical-align: inherit; box-sizing: inherit;\"><span style=\"vertical-align: inherit; box-sizing: inherit;\">\u00a0Una vez terminada esta primera parte de vinificaci\u00f3n se pone el vino en barricas nuevas de roble franc\u00e9s de tostado medio durante aproximadamente 12 meses.<span style=\"color: #000000;\"><span style=\"vertical-align: inherit; box-sizing: inherit;\"><span style=\"vertical-align: inherit; box-sizing: inherit;\">Varietal con una magn\u00edfica madurez, con evocaciones de mermelada de ciruelas, incienso y toffee.\u00a0<\/span><span style=\"vertical-align: inherit; box-sizing: inherit;\">Carnoso, depurado en taninos, y de largo final.\u00a0<\/span><\/span><strong style=\"font-weight: bold; box-sizing: inherit;\"><span style=\"vertical-align: inherit; box-sizing: inherit;\"><span style=\"vertical-align: inherit; box-sizing: inherit;\">(Mi Vino, Javier Pulido)<\/span><\/span><\/strong><\/span><\/span><\/span><\/span><\/p>\n<p style=\"margin: 1rem 0px; color: #4f4f4f; text-transform: none; line-height: 1.5rem; text-indent: 0px; letter-spacing: normal; font-family: 'Merriweather Sans', sans-serif; font-size: 1.1rem; font-style: normal; font-weight: 300; word-spacing: 0px; white-space: normal; box-sizing: inherit; orphans: 2; widows: 2; background-color: #ffffff; font-variant-ligatures: normal; font-variant-caps: normal; -webkit-text-stroke-width: 0px; text-decoration-style: initial; text-decoration-color: initial;\">\u00a0<\/p>\n<blockquote style=\"margin: 1.5rem 0px; color: #4f4f4f; text-transform: none; text-indent: 0px; letter-spacing: normal; padding-left: 0.75rem; font-family: 'Merriweather Sans'; font-size: 16px; font-style: normal; font-weight: 400; word-spacing: 0px; border-left-color: #e0e0e5; border-left-width: 10px; border-left-style: solid; white-space: normal; box-sizing: inherit; orphans: 2; widows: 2; background-color: #ffffff; font-variant-ligatures: normal; font-variant-caps: normal; -webkit-text-stroke-width: 0px; text-decoration-style: initial; text-decoration-color: initial;\">\n<p style=\"margin: 1rem 0px; color: #828282; line-height: 1.5rem; font-family: Merriweather, serif; font-size: 1.1rem; font-weight: 300; box-sizing: inherit;\"><span style=\"vertical-align: inherit; box-sizing: inherit;\"><span style=\"vertical-align: inherit; box-sizing: inherit;\">Varietal con una magn\u00edfica madurez, con evocaciones de mermelada de ciruelas, incienso y toffee.<span>\u00a0<\/span><\/span><span style=\"vertical-align: inherit; box-sizing: inherit;\">Carnoso, depurado en taninos, y de largo final.<span>\u00a0<\/span><\/span><\/span><strong style=\"font-weight: bold; box-sizing: inherit;\"><span style=\"vertical-align: inherit; box-sizing: inherit;\"><span style=\"vertical-align: inherit; box-sizing: inherit;\">(Mi Vino, Javier Pulido)<\/span><\/span><\/strong><\/p>\n<\/blockquote>\n<p style=\"margin: 1rem 0px; color: #4f4f4f; text-transform: none; line-height: 1.5rem; text-indent: 0px; letter-spacing: normal; font-family: 'Merriweather Sans', sans-serif; font-size: 1.1rem; font-style: normal; font-weight: 300; word-spacing: 0px; white-space: normal; box-sizing: inherit; orphans: 2; widows: 2; background-color: #ffffff; font-variant-ligatures: normal; font-variant-caps: normal; -webkit-text-stroke-width: 0px; text-decoration-style: initial; text-decoration-color: initial;\">\u00a0<\/p>\n<blockquote style=\"margin: 1.5rem 0px; color: #4f4f4f; text-transform: none; text-indent: 0px; letter-spacing: normal; padding-left: 0.75rem; font-family: 'Merriweather Sans'; font-size: 16px; font-style: normal; font-weight: 400; word-spacing: 0px; border-left-color: #e0e0e5; border-left-width: 10px; border-left-style: solid; white-space: normal; box-sizing: inherit; orphans: 2; widows: 2; background-color: #ffffff; font-variant-ligatures: normal; font-variant-caps: normal; -webkit-text-stroke-width: 0px; text-decoration-style: initial; text-decoration-color: initial;\">\n<p style=\"margin: 1rem 0px; color: #828282; line-height: 1.5rem; font-family: Merriweather, serif; font-size: 1.1rem; font-weight: 300; box-sizing: inherit;\"><span style=\"vertical-align: inherit; box-sizing: inherit;\"><span style=\"vertical-align: inherit; box-sizing: inherit;\">un vino intenso, de elaboraci\u00f3n curiosa: de los m\u00e1s de cuatro a\u00f1os de crianza que tiene en este momento, s\u00f3lo 12 meses ha estado en barrica.<span>\u00a0<\/span><\/span><span style=\"vertical-align: inherit; box-sizing: inherit;\">El resto lo ha pasado en reposo en la botella, afin\u00e1ndose sin que la madera se coma los aromas de la uva.<span>\u00a0<\/span><\/span><span style=\"vertical-align: inherit; box-sizing: inherit;\">Es un vino denso y oscuro, potente, ya la vez elegante, en el que la fruta madura se combina con leves notas de especias y con una frescura en la boca que hace pensar que todav\u00eda le quedan a\u00f1os para ir ofreciendo matices diferentes ..<span>\u00a0<\/span><\/span><\/span><strong style=\"font-weight: bold; box-sizing: inherit;\"><span style=\"vertical-align: inherit; box-sizing: inherit;\"><span style=\"vertical-align: inherit; box-sizing: inherit;\">( VADEVI.CAT, Joan Nebot)<\/span><\/span><\/strong><\/p>\n<\/blockquote>\n<p style=\"margin: 1rem 0px; color: #4f4f4f; text-transform: none; line-height: 1.5rem; text-indent: 0px; letter-spacing: normal; font-family: 'Merriweather Sans', sans-serif; font-size: 1.1rem; font-style: normal; font-weight: 300; word-spacing: 0px; white-space: normal; box-sizing: inherit; orphans: 2; widows: 2; background-color: #ffffff; font-variant-ligatures: normal; font-variant-caps: normal; -webkit-text-stroke-width: 0px; text-decoration-style: initial; text-decoration-color: initial;\"><span style=\"color: #000000;\"><span style=\"vertical-align: inherit; box-sizing: inherit;\"><span style=\"vertical-align: inherit; box-sizing: inherit;\"><span style=\"color: #000000;\"><strong style=\"font-weight: bold; box-sizing: inherit;\"><span style=\"vertical-align: inherit; box-sizing: inherit;\"><span style=\"vertical-align: inherit; box-sizing: inherit;\"><br \/><\/span><\/span><\/strong><\/span><\/span><\/span><\/span><\/p>\n<p style=\"margin: 1rem 0px; color: #4f4f4f; text-transform: none; line-height: 1.5rem; text-indent: 0px; letter-spacing: normal; font-family: 'Merriweather Sans', sans-serif; font-size: 1.1rem; font-style: normal; font-weight: 300; word-spacing: 0px; white-space: normal; box-sizing: inherit; orphans: 2; widows: 2; background-color: #ffffff; font-variant-ligatures: normal; font-variant-caps: normal; -webkit-text-stroke-width: 0px; text-decoration-style: initial; text-decoration-color: initial;\"><span style=\"color: #000000;\"><span style=\"vertical-align: inherit; box-sizing: inherit;\"><span style=\"vertical-align: inherit; box-sizing: inherit;\"><span style=\"color: #000000;\"><strong style=\"font-weight: bold; box-sizing: inherit;\"><span style=\"vertical-align: inherit; box-sizing: inherit;\"><span style=\"vertical-align: inherit; box-sizing: inherit;\"><br \/><\/span><\/span><\/strong><\/span><\/span><\/span><\/span><\/p>\n","protected":false},"excerpt":{"rendered":"<p><strong><span style=\"color: #4f4f4f; font-family: Arial; font-size: large;\">Varietats:<\/span><\/strong><span style=\"color: #4f4f4f; text-transform: none; text-indent: 0px; letter-spacing: normal; font-family: 'Merriweather Sans', sans-serif; font-size: 17.6px; font-style: normal; font-weight: 300; word-spacing: 0px; float: none; display: inline !important; white-space: normal; orphans: 2; widows: 2; background-color: #ffffff; font-variant-ligatures: normal; font-variant-caps: normal; -webkit-text-stroke-width: 0px; text-decoration-style: initial; text-decoration-color: initial;\"><span>\u00a0<\/span>Merlot<\/span><\/p>\n","protected":false},"featured_media":1458,"comment_status":"open","ping_status":"closed","template":"","meta":[],"product_cat":[128],"product_tag":[],"class_list":{"0":"post-1459","1":"product","2":"type-product","3":"status-publish","4":"has-post-thumbnail","6":"product_cat-bodega-mas-comtal","8":"first","9":"outofstock","10":"shipping-taxable","11":"product-type-simple"},"yoast_head":"<!-- This site is optimized with the Yoast SEO plugin v23.3 - https:\/\/yoast.com\/wordpress\/plugins\/seo\/ -->\n<title>Petrea Tinto - Consigel<\/title>\n<meta name=\"robots\" content=\"index, follow, max-snippet:-1, max-image-preview:large, max-video-preview:-1\" \/>\n<link rel=\"canonical\" href=\"https:\/\/www.consigel.com\/ca\/producte\/petrea-negro\/\" \/>\n<meta property=\"og:locale\" content=\"ca_ES\" \/>\n<meta property=\"og:type\" content=\"article\" \/>\n<meta property=\"og:title\" content=\"Petrea Tinto - Consigel\" \/>\n<meta property=\"og:description\" content=\"Varietats:\u00a0Merlot\" \/>\n<meta property=\"og:url\" content=\"https:\/\/www.consigel.com\/ca\/producte\/petrea-negro\/\" \/>\n<meta property=\"og:site_name\" content=\"Consigel\" \/>\n<meta property=\"og:image\" content=\"https:\/\/www.consigel.com\/wp-content\/uploads\/2018\/01\/1752-thickbox_default-Petrea-Tinto.jpg\" \/>\n\t<meta property=\"og:image:width\" content=\"1200\" \/>\n\t<meta property=\"og:image:height\" content=\"1200\" \/>\n\t<meta property=\"og:image:type\" content=\"image\/jpeg\" \/>\n<meta name=\"twitter:card\" content=\"summary_large_image\" \/>\n<meta name=\"twitter:label1\" content=\"Temps estimat de lectura\" \/>\n\t<meta name=\"twitter:data1\" content=\"1 minut\" \/>\n<script type=\"application\/ld+json\" class=\"yoast-schema-graph\">{\"@context\":\"https:\/\/schema.org\",\"@graph\":[{\"@type\":\"WebPage\",\"@id\":\"https:\/\/www.consigel.com\/ca\/producte\/petrea-negro\/\",\"url\":\"https:\/\/www.consigel.com\/ca\/producte\/petrea-negro\/\",\"name\":\"Petrea Tinto - Consigel\",\"isPartOf\":{\"@id\":\"https:\/\/www.consigel.com\/ca\/#website\"},\"primaryImageOfPage\":{\"@id\":\"https:\/\/www.consigel.com\/ca\/producte\/petrea-negro\/#primaryimage\"},\"image\":{\"@id\":\"https:\/\/www.consigel.com\/ca\/producte\/petrea-negro\/#primaryimage\"},\"thumbnailUrl\":\"https:\/\/www.consigel.com\/wp-content\/uploads\/2018\/01\/1752-thickbox_default-Petrea-Tinto.jpg\",\"datePublished\":\"2018-01-30T16:51:19+00:00\",\"dateModified\":\"2018-01-30T16:51:19+00:00\",\"breadcrumb\":{\"@id\":\"https:\/\/www.consigel.com\/ca\/producte\/petrea-negro\/#breadcrumb\"},\"inLanguage\":\"ca\",\"potentialAction\":[{\"@type\":\"ReadAction\",\"target\":[\"https:\/\/www.consigel.com\/ca\/producte\/petrea-negro\/\"]}]},{\"@type\":\"ImageObject\",\"inLanguage\":\"ca\",\"@id\":\"https:\/\/www.consigel.com\/ca\/producte\/petrea-negro\/#primaryimage\",\"url\":\"https:\/\/www.consigel.com\/wp-content\/uploads\/2018\/01\/1752-thickbox_default-Petrea-Tinto.jpg\",\"contentUrl\":\"https:\/\/www.consigel.com\/wp-content\/uploads\/2018\/01\/1752-thickbox_default-Petrea-Tinto.jpg\",\"width\":1200,\"height\":1200,\"caption\":\"Petrea Tinto\"},{\"@type\":\"BreadcrumbList\",\"@id\":\"https:\/\/www.consigel.com\/ca\/producte\/petrea-negro\/#breadcrumb\",\"itemListElement\":[{\"@type\":\"ListItem\",\"position\":1,\"name\":\"Portada\",\"item\":\"https:\/\/www.consigel.com\/ca\/\"},{\"@type\":\"ListItem\",\"position\":2,\"name\":\"Shop\",\"item\":\"https:\/\/www.consigel.com\/ca\/shop\/\"},{\"@type\":\"ListItem\",\"position\":3,\"name\":\"Petrea Tinto\"}]},{\"@type\":\"WebSite\",\"@id\":\"https:\/\/www.consigel.com\/ca\/#website\",\"url\":\"https:\/\/www.consigel.com\/ca\/\",\"name\":\"Consigel\",\"description\":\"\",\"potentialAction\":[{\"@type\":\"SearchAction\",\"target\":{\"@type\":\"EntryPoint\",\"urlTemplate\":\"https:\/\/www.consigel.com\/ca\/?s={search_term_string}\"},\"query-input\":\"required name=search_term_string\"}],\"inLanguage\":\"ca\"}]}<\/script>\n<!-- \/ Yoast SEO plugin. -->","yoast_head_json":{"title":"Petrea Tinto - Consigel","robots":{"index":"index","follow":"follow","max-snippet":"max-snippet:-1","max-image-preview":"max-image-preview:large","max-video-preview":"max-video-preview:-1"},"canonical":"https:\/\/www.consigel.com\/ca\/producte\/petrea-negro\/","og_locale":"ca_ES","og_type":"article","og_title":"Petrea Tinto - Consigel","og_description":"Varietats:\u00a0Merlot","og_url":"https:\/\/www.consigel.com\/ca\/producte\/petrea-negro\/","og_site_name":"Consigel","og_image":[{"width":1200,"height":1200,"url":"https:\/\/www.consigel.com\/wp-content\/uploads\/2018\/01\/1752-thickbox_default-Petrea-Tinto.jpg","type":"image\/jpeg"}],"twitter_card":"summary_large_image","twitter_misc":{"Temps estimat de lectura":"1 minut"},"schema":{"@context":"https:\/\/schema.org","@graph":[{"@type":"WebPage","@id":"https:\/\/www.consigel.com\/ca\/producte\/petrea-negro\/","url":"https:\/\/www.consigel.com\/ca\/producte\/petrea-negro\/","name":"Petrea Tinto - Consigel","isPartOf":{"@id":"https:\/\/www.consigel.com\/ca\/#website"},"primaryImageOfPage":{"@id":"https:\/\/www.consigel.com\/ca\/producte\/petrea-negro\/#primaryimage"},"image":{"@id":"https:\/\/www.consigel.com\/ca\/producte\/petrea-negro\/#primaryimage"},"thumbnailUrl":"https:\/\/www.consigel.com\/wp-content\/uploads\/2018\/01\/1752-thickbox_default-Petrea-Tinto.jpg","datePublished":"2018-01-30T16:51:19+00:00","dateModified":"2018-01-30T16:51:19+00:00","breadcrumb":{"@id":"https:\/\/www.consigel.com\/ca\/producte\/petrea-negro\/#breadcrumb"},"inLanguage":"ca","potentialAction":[{"@type":"ReadAction","target":["https:\/\/www.consigel.com\/ca\/producte\/petrea-negro\/"]}]},{"@type":"ImageObject","inLanguage":"ca","@id":"https:\/\/www.consigel.com\/ca\/producte\/petrea-negro\/#primaryimage","url":"https:\/\/www.consigel.com\/wp-content\/uploads\/2018\/01\/1752-thickbox_default-Petrea-Tinto.jpg","contentUrl":"https:\/\/www.consigel.com\/wp-content\/uploads\/2018\/01\/1752-thickbox_default-Petrea-Tinto.jpg","width":1200,"height":1200,"caption":"Petrea Tinto"},{"@type":"BreadcrumbList","@id":"https:\/\/www.consigel.com\/ca\/producte\/petrea-negro\/#breadcrumb","itemListElement":[{"@type":"ListItem","position":1,"name":"Portada","item":"https:\/\/www.consigel.com\/ca\/"},{"@type":"ListItem","position":2,"name":"Shop","item":"https:\/\/www.consigel.com\/ca\/shop\/"},{"@type":"ListItem","position":3,"name":"Petrea Tinto"}]},{"@type":"WebSite","@id":"https:\/\/www.consigel.com\/ca\/#website","url":"https:\/\/www.consigel.com\/ca\/","name":"Consigel","description":"","potentialAction":[{"@type":"SearchAction","target":{"@type":"EntryPoint","urlTemplate":"https:\/\/www.consigel.com\/ca\/?s={search_term_string}"},"query-input":"required name=search_term_string"}],"inLanguage":"ca"}]}},"_links":{"self":[{"href":"https:\/\/www.consigel.com\/ca\/wp-json\/wp\/v2\/product\/1459","targetHints":{"allow":["GET"]}}],"collection":[{"href":"https:\/\/www.consigel.com\/ca\/wp-json\/wp\/v2\/product"}],"about":[{"href":"https:\/\/www.consigel.com\/ca\/wp-json\/wp\/v2\/types\/product"}],"replies":[{"embeddable":true,"href":"https:\/\/www.consigel.com\/ca\/wp-json\/wp\/v2\/comments?post=1459"}],"wp:featuredmedia":[{"embeddable":true,"href":"https:\/\/www.consigel.com\/ca\/wp-json\/wp\/v2\/media\/1458"}],"wp:attachment":[{"href":"https:\/\/www.consigel.com\/ca\/wp-json\/wp\/v2\/media?parent=1459"}],"wp:term":[{"taxonomy":"product_cat","embeddable":true,"href":"https:\/\/www.consigel.com\/ca\/wp-json\/wp\/v2\/product_cat?post=1459"},{"taxonomy":"product_tag","embeddable":true,"href":"https:\/\/www.consigel.com\/ca\/wp-json\/wp\/v2\/product_tag?post=1459"}],"curies":[{"name":"wp","href":"https:\/\/api.w.org\/{rel}","templated":true}]}}